{"id":6775,"date":"2023-04-18T19:26:12","date_gmt":"2023-04-18T17:26:12","guid":{"rendered":"http:\/\/www.poloaldi.it\/?post_type=artwork&#038;p=6775"},"modified":"2023-04-18T19:26:12","modified_gmt":"2023-04-18T17:26:12","slug":"reisende-in-der-naehe-eines-dorfes","status":"publish","type":"artwork","link":"https:\/\/www.poloaldi.it\/de\/artwork\/reisende-in-der-naehe-eines-dorfes\/","title":{"rendered":"Reisende in der N\u00e4he eines Dorfes"},"content":{"rendered":"<p><b>Karel Breydel (Antwerpen 1678 &#8211; 1733)<\/b><\/p>\n<p><strong><i>Reisende in der N\u00e4he eines Dorfes<\/i><\/strong><\/p>\n<p>\u00d6l auf Platte, 30,5 x 40,5 cm<\/p>\n<p>Dieser K\u00fcnstler schuf zahlreiche Dorfszenen im Stil von Jan Brueghel dem \u00c4lteren (Antwerpen 1568 &#8211; 1625) und setzte im 18. Jahrhunderts zusammen mit seinen Kollegen aus Antwerpen und Br\u00fcssel die Tradition der Landschaftsmalerei als Genre fort, die von diesem gro\u00dfen Meister zu Beginn des 17. Jahrhunderts eingeleitet wurde. Typisch f\u00fcr Breydel ist seine schnelle und nerv\u00f6se Malweise mit kleinen, dichten Strichen, die besonders bei der Darstellung der vielen kleinen Figuren im Vordergrund deutlich werden. <span class=\"Apple-converted-space\">\u00a0<\/span><\/p>\n","protected":false},"author":1,"featured_media":6773,"comment_status":"closed","ping_status":"closed","template":"","artwork-category":[{"id":463,"slug":"esposizione-temporanea-de-1","name":"PASSIONI DI UN COLLEZIONISTA Dipinti fiamminghi e olandesi del Cinque e Seicento"},{"id":481,"slug":"die-flaemische-malerei","name":"Die fl\u00e4mische Malerei"}],"artwork-tags":[],"artwork-artists":[{"id":539,"slug":"karel-breydel-de","name":"Karel Breydel"}],"class_list":["post-6775","artwork","type-artwork","status-publish","has-post-thumbnail","hentry","artwork-category-esposizione-temporanea-de-1","artwork-category-die-flaemische-malerei","artwork-artists-karel-breydel-de"],"yoast_head":"<!-- This site is optimized with the Yoast SEO plugin v20.10 - https:\/\/yoast.com\/wordpress\/plugins\/seo\/ -->\n<title>Reisende in der N\u00e4he eines Dorfes - Polo Culturale Pietro Aldi<\/title>\n<meta name=\"robots\" content=\"index, follow, max-snippet:-1, max-image-preview:large, max-video-preview:-1\" \/>\n<link rel=\"canonical\" href=\"https:\/\/www.poloaldi.it\/de\/artwork\/reisende-in-der-naehe-eines-dorfes\/\" \/>\n<meta property=\"og:locale\" content=\"de_DE\" \/>\n<meta property=\"og:type\" content=\"article\" \/>\n<meta property=\"og:title\" content=\"Reisende in der N\u00e4he eines Dorfes - Polo Culturale Pietro Aldi\" \/>\n<meta property=\"og:description\" content=\"Karel Breydel (Antwerpen 1678 &#8211; 1733) Reisende in der N\u00e4he eines Dorfes \u00d6l auf Platte, 30,5 x 40,5 cm Dieser K\u00fcnstler schuf zahlreiche Dorfszenen im Stil von Jan Brueghel dem \u00c4lteren (Antwerpen 1568 &#8211; 1625) und setzte im 18. Jahrhunderts zusammen mit seinen Kollegen aus Antwerpen und Br\u00fcssel die Tradition der Landschaftsmalerei als Genre fort, die von diesem gro\u00dfen Meister zu Beginn des 17. Jahrhunderts eingeleitet wurde. Typisch f\u00fcr Breydel ist seine schnelle und nerv\u00f6se Malweise mit kleinen, dichten Strichen, die besonders bei der Darstellung der vielen kleinen Figuren im Vordergrund deutlich werden. \u00a0\" \/>\n<meta property=\"og:url\" content=\"https:\/\/www.poloaldi.it\/de\/artwork\/reisende-in-der-naehe-eines-dorfes\/\" \/>\n<meta property=\"og:site_name\" content=\"Polo Culturale Pietro Aldi\" \/>\n<meta property=\"article:publisher\" content=\"https:\/\/www.facebook.com\/polopietroaldi\" \/>\n<meta property=\"og:image\" content=\"https:\/\/www.poloaldi.it\/wp-content\/uploads\/2023\/04\/12-Breydel-.jpg\" \/>\n\t<meta property=\"og:image:width\" content=\"1700\" \/>\n\t<meta property=\"og:image:height\" content=\"1293\" \/>\n\t<meta property=\"og:image:type\" content=\"image\/jpeg\" \/>\n<meta name=\"twitter:card\" content=\"summary_large_image\" \/>\n<meta name=\"twitter:site\" content=\"@polopietroaldi\" \/>\n<meta name=\"twitter:label1\" content=\"Gesch\u00e4tzte Lesezeit\" \/>\n\t<meta name=\"twitter:data1\" content=\"1\u00a0Minute\" \/>\n<script type=\"application\/ld+json\" class=\"yoast-schema-graph\">{\"@context\":\"https:\/\/schema.org\",\"@graph\":[{\"@type\":\"WebPage\",\"@id\":\"https:\/\/www.poloaldi.it\/de\/artwork\/reisende-in-der-naehe-eines-dorfes\/\",\"url\":\"https:\/\/www.poloaldi.it\/de\/artwork\/reisende-in-der-naehe-eines-dorfes\/\",\"name\":\"Reisende in der N\u00e4he eines Dorfes - Polo Culturale Pietro Aldi\",\"isPartOf\":{\"@id\":\"https:\/\/www.poloaldi.it\/de\/#website\"},\"datePublished\":\"2023-04-18T17:26:12+00:00\",\"dateModified\":\"2023-04-18T17:26:12+00:00\",\"breadcrumb\":{\"@id\":\"https:\/\/www.poloaldi.it\/de\/artwork\/reisende-in-der-naehe-eines-dorfes\/#breadcrumb\"},\"inLanguage\":\"de\",\"potentialAction\":[{\"@type\":\"ReadAction\",\"target\":[\"https:\/\/www.poloaldi.it\/de\/artwork\/reisende-in-der-naehe-eines-dorfes\/\"]}]},{\"@type\":\"BreadcrumbList\",\"@id\":\"https:\/\/www.poloaldi.it\/de\/artwork\/reisende-in-der-naehe-eines-dorfes\/#breadcrumb\",\"itemListElement\":[{\"@type\":\"ListItem\",\"position\":1,\"name\":\"Home\",\"item\":\"https:\/\/www.poloaldi.it\/de\/\"},{\"@type\":\"ListItem\",\"position\":2,\"name\":\"Artworks\",\"item\":\"https:\/\/www.poloaldi.it\/de\/artwork\/\"},{\"@type\":\"ListItem\",\"position\":3,\"name\":\"Reisende in der N\u00e4he eines Dorfes\"}]},{\"@type\":\"WebSite\",\"@id\":\"https:\/\/www.poloaldi.it\/de\/#website\",\"url\":\"https:\/\/www.poloaldi.it\/de\/\",\"name\":\"Polo Culturale Pietro Aldi\",\"description\":\"Patrimonio storico, culturale, artistico del nostro territorio\",\"publisher\":{\"@id\":\"https:\/\/www.poloaldi.it\/de\/#organization\"},\"potentialAction\":[{\"@type\":\"SearchAction\",\"target\":{\"@type\":\"EntryPoint\",\"urlTemplate\":\"https:\/\/www.poloaldi.it\/de\/?s={search_term_string}\"},\"query-input\":\"required name=search_term_string\"}],\"inLanguage\":\"de\"},{\"@type\":\"Organization\",\"@id\":\"https:\/\/www.poloaldi.it\/de\/#organization\",\"name\":\"Polo Culturale Pietro Aldi\",\"url\":\"https:\/\/www.poloaldi.it\/de\/\",\"logo\":{\"@type\":\"ImageObject\",\"inLanguage\":\"de\",\"@id\":\"https:\/\/www.poloaldi.it\/de\/#\/schema\/logo\/image\/\",\"url\":\"http:\/\/www.poloaldi.it\/wp-content\/uploads\/2017\/04\/logo_pietro_aldi.png\",\"contentUrl\":\"http:\/\/www.poloaldi.it\/wp-content\/uploads\/2017\/04\/logo_pietro_aldi.png\",\"width\":942,\"height\":417,\"caption\":\"Polo Culturale Pietro Aldi\"},\"image\":{\"@id\":\"https:\/\/www.poloaldi.it\/de\/#\/schema\/logo\/image\/\"},\"sameAs\":[\"https:\/\/www.facebook.com\/polopietroaldi\",\"https:\/\/twitter.com\/polopietroaldi\",\"https:\/\/www.instagram.com\/polopietroaldi\/\"]}]}<\/script>\n<!-- \/ Yoast SEO plugin. -->","yoast_head_json":{"title":"Reisende in der N\u00e4he eines Dorfes - Polo Culturale Pietro Aldi","robots":{"index":"index","follow":"follow","max-snippet":"max-snippet:-1","max-image-preview":"max-image-preview:large","max-video-preview":"max-video-preview:-1"},"canonical":"https:\/\/www.poloaldi.it\/de\/artwork\/reisende-in-der-naehe-eines-dorfes\/","og_locale":"de_DE","og_type":"article","og_title":"Reisende in der N\u00e4he eines Dorfes - Polo Culturale Pietro Aldi","og_description":"Karel Breydel (Antwerpen 1678 &#8211; 1733) Reisende in der N\u00e4he eines Dorfes \u00d6l auf Platte, 30,5 x 40,5 cm Dieser K\u00fcnstler schuf zahlreiche Dorfszenen im Stil von Jan Brueghel dem \u00c4lteren (Antwerpen 1568 &#8211; 1625) und setzte im 18. Jahrhunderts zusammen mit seinen Kollegen aus Antwerpen und Br\u00fcssel die Tradition der Landschaftsmalerei als Genre fort, die von diesem gro\u00dfen Meister zu Beginn des 17. Jahrhunderts eingeleitet wurde. Typisch f\u00fcr Breydel ist seine schnelle und nerv\u00f6se Malweise mit kleinen, dichten Strichen, die besonders bei der Darstellung der vielen kleinen Figuren im Vordergrund deutlich werden. \u00a0","og_url":"https:\/\/www.poloaldi.it\/de\/artwork\/reisende-in-der-naehe-eines-dorfes\/","og_site_name":"Polo Culturale Pietro Aldi","article_publisher":"https:\/\/www.facebook.com\/polopietroaldi","og_image":[{"width":1700,"height":1293,"url":"https:\/\/www.poloaldi.it\/wp-content\/uploads\/2023\/04\/12-Breydel-.jpg","type":"image\/jpeg"}],"twitter_card":"summary_large_image","twitter_site":"@polopietroaldi","twitter_misc":{"Gesch\u00e4tzte Lesezeit":"1\u00a0Minute"},"schema":{"@context":"https:\/\/schema.org","@graph":[{"@type":"WebPage","@id":"https:\/\/www.poloaldi.it\/de\/artwork\/reisende-in-der-naehe-eines-dorfes\/","url":"https:\/\/www.poloaldi.it\/de\/artwork\/reisende-in-der-naehe-eines-dorfes\/","name":"Reisende in der N\u00e4he eines Dorfes - Polo Culturale Pietro Aldi","isPartOf":{"@id":"https:\/\/www.poloaldi.it\/de\/#website"},"datePublished":"2023-04-18T17:26:12+00:00","dateModified":"2023-04-18T17:26:12+00:00","breadcrumb":{"@id":"https:\/\/www.poloaldi.it\/de\/artwork\/reisende-in-der-naehe-eines-dorfes\/#breadcrumb"},"inLanguage":"de","potentialAction":[{"@type":"ReadAction","target":["https:\/\/www.poloaldi.it\/de\/artwork\/reisende-in-der-naehe-eines-dorfes\/"]}]},{"@type":"BreadcrumbList","@id":"https:\/\/www.poloaldi.it\/de\/artwork\/reisende-in-der-naehe-eines-dorfes\/#breadcrumb","itemListElement":[{"@type":"ListItem","position":1,"name":"Home","item":"https:\/\/www.poloaldi.it\/de\/"},{"@type":"ListItem","position":2,"name":"Artworks","item":"https:\/\/www.poloaldi.it\/de\/artwork\/"},{"@type":"ListItem","position":3,"name":"Reisende in der N\u00e4he eines Dorfes"}]},{"@type":"WebSite","@id":"https:\/\/www.poloaldi.it\/de\/#website","url":"https:\/\/www.poloaldi.it\/de\/","name":"Polo Culturale Pietro Aldi","description":"Patrimonio storico, culturale, artistico del nostro territorio","publisher":{"@id":"https:\/\/www.poloaldi.it\/de\/#organization"},"potentialAction":[{"@type":"SearchAction","target":{"@type":"EntryPoint","urlTemplate":"https:\/\/www.poloaldi.it\/de\/?s={search_term_string}"},"query-input":"required name=search_term_string"}],"inLanguage":"de"},{"@type":"Organization","@id":"https:\/\/www.poloaldi.it\/de\/#organization","name":"Polo Culturale Pietro Aldi","url":"https:\/\/www.poloaldi.it\/de\/","logo":{"@type":"ImageObject","inLanguage":"de","@id":"https:\/\/www.poloaldi.it\/de\/#\/schema\/logo\/image\/","url":"http:\/\/www.poloaldi.it\/wp-content\/uploads\/2017\/04\/logo_pietro_aldi.png","contentUrl":"http:\/\/www.poloaldi.it\/wp-content\/uploads\/2017\/04\/logo_pietro_aldi.png","width":942,"height":417,"caption":"Polo Culturale Pietro Aldi"},"image":{"@id":"https:\/\/www.poloaldi.it\/de\/#\/schema\/logo\/image\/"},"sameAs":["https:\/\/www.facebook.com\/polopietroaldi","https:\/\/twitter.com\/polopietroaldi","https:\/\/www.instagram.com\/polopietroaldi\/"]}]}},"featured_image":{"size_thumbnail":"https:\/\/www.poloaldi.it\/wp-content\/uploads\/2023\/04\/12-Breydel--150x150.jpg","size_medium":"https:\/\/www.poloaldi.it\/wp-content\/uploads\/2023\/04\/12-Breydel--300x228.jpg","size_large":"https:\/\/www.poloaldi.it\/wp-content\/uploads\/2023\/04\/12-Breydel--1024x779.jpg","size_full":"https:\/\/www.poloaldi.it\/wp-content\/uploads\/2023\/04\/12-Breydel-.jpg"},"imic_artwork_images":null,"imic_artwork_dimension":["30,5 x 40,5"],"imic_artwork_price":null,"_edit_lock":"1681838774:1","_links":{"self":[{"href":"https:\/\/www.poloaldi.it\/de\/wp-json\/wp\/v2\/artwork\/6775","targetHints":{"allow":["GET"]}}],"collection":[{"href":"https:\/\/www.poloaldi.it\/de\/wp-json\/wp\/v2\/artwork"}],"about":[{"href":"https:\/\/www.poloaldi.it\/de\/wp-json\/wp\/v2\/types\/artwork"}],"author":[{"embeddable":true,"href":"https:\/\/www.poloaldi.it\/de\/wp-json\/wp\/v2\/users\/1"}],"replies":[{"embeddable":true,"href":"https:\/\/www.poloaldi.it\/de\/wp-json\/wp\/v2\/comments?post=6775"}],"wp:featuredmedia":[{"embeddable":true,"href":"https:\/\/www.poloaldi.it\/de\/wp-json\/wp\/v2\/media\/6773"}],"wp:attachment":[{"href":"https:\/\/www.poloaldi.it\/de\/wp-json\/wp\/v2\/media?parent=6775"}],"wp:term":[{"taxonomy":"artwork-category","embeddable":true,"href":"https:\/\/www.poloaldi.it\/de\/wp-json\/wp\/v2\/artwork-category?post=6775"},{"taxonomy":"artwork-tags","embeddable":true,"href":"https:\/\/www.poloaldi.it\/de\/wp-json\/wp\/v2\/artwork-tags?post=6775"},{"taxonomy":"artwork-artists","embeddable":true,"href":"https:\/\/www.poloaldi.it\/de\/wp-json\/wp\/v2\/artwork-artists?post=6775"}],"curies":[{"name":"wp","href":"https:\/\/api.w.org\/{rel}","templated":true}]}}