{"id":6716,"date":"2023-04-18T16:10:49","date_gmt":"2023-04-18T14:10:49","guid":{"rendered":"http:\/\/www.poloaldi.it\/?post_type=artwork&#038;p=6716"},"modified":"2023-04-18T20:03:43","modified_gmt":"2023-04-18T18:03:43","slug":"landschaft-mit-jaegern-und-wanderern","status":"publish","type":"artwork","link":"https:\/\/www.poloaldi.it\/de\/artwork\/landschaft-mit-jaegern-und-wanderern\/","title":{"rendered":"Landschaft mit J\u00e4gern und Wanderern"},"content":{"rendered":"<p><strong>Sebastiaen Vrancx (Antwerpen 1573 &#8211; 1647)<\/strong><\/p>\n<p><em>Landschaft mit J\u00e4gern und Wanderern <\/em><\/p>\n<p>\u00d6l auf Holztafel, 52 x 76 cm<\/p>\n<p>Mit Monogramm signiert und unten links datiert: <em>\u00a0SV<\/em> (verschr\u00e4nkt) \/ A [1]621<\/p>\n<p>Eine dramatischere Sensibilit\u00e4t, die dem Beispiel des Rubens folgt, verleiht der Szene, die mit den Vorlagen der K\u00fcnstler Jan Brueghel dem \u00c4lteren und des Bril verbunden ist, eine neue Vitalit\u00e4t der Landschaft. Als Maler von Szenen, die oft von Krieg und Waffen handeln, l\u00e4sst Vrancx hier den Rhythmus des Landlebens mit seinen verschiedenen Aktivit\u00e4ten vorherrschen.<\/p>\n","protected":false},"author":1,"featured_media":6728,"comment_status":"closed","ping_status":"closed","template":"","artwork-category":[{"id":463,"slug":"esposizione-temporanea-de-1","name":"PASSIONI DI UN COLLEZIONISTA Dipinti fiamminghi e olandesi del Cinque e Seicento"},{"id":481,"slug":"die-flaemische-malerei","name":"Die fl\u00e4mische Malerei"}],"artwork-tags":[],"artwork-artists":[{"id":551,"slug":"sebastiaen-vrancx-de","name":"Sebastiaen Vrancx"}],"class_list":["post-6716","artwork","type-artwork","status-publish","has-post-thumbnail","hentry","artwork-category-esposizione-temporanea-de-1","artwork-category-die-flaemische-malerei","artwork-artists-sebastiaen-vrancx-de"],"yoast_head":"<!-- This site is optimized with the Yoast SEO plugin v20.10 - https:\/\/yoast.com\/wordpress\/plugins\/seo\/ -->\n<title>Landschaft mit J\u00e4gern und Wanderern - Polo Culturale Pietro Aldi<\/title>\n<meta name=\"robots\" content=\"index, follow, max-snippet:-1, max-image-preview:large, max-video-preview:-1\" \/>\n<link rel=\"canonical\" href=\"https:\/\/www.poloaldi.it\/de\/artwork\/landschaft-mit-jaegern-und-wanderern\/\" \/>\n<meta property=\"og:locale\" content=\"de_DE\" \/>\n<meta property=\"og:type\" content=\"article\" \/>\n<meta property=\"og:title\" content=\"Landschaft mit J\u00e4gern und Wanderern - Polo Culturale Pietro Aldi\" \/>\n<meta property=\"og:description\" content=\"Sebastiaen Vrancx (Antwerpen 1573 &#8211; 1647) Landschaft mit J\u00e4gern und Wanderern \u00d6l auf Holztafel, 52 x 76 cm Mit Monogramm signiert und unten links datiert: \u00a0SV (verschr\u00e4nkt) \/ A [1]621 Eine dramatischere Sensibilit\u00e4t, die dem Beispiel des Rubens folgt, verleiht der Szene, die mit den Vorlagen der K\u00fcnstler Jan Brueghel dem \u00c4lteren und des Bril verbunden ist, eine neue Vitalit\u00e4t der Landschaft. Als Maler von Szenen, die oft von Krieg und Waffen handeln, l\u00e4sst Vrancx hier den Rhythmus des Landlebens mit seinen verschiedenen Aktivit\u00e4ten vorherrschen.\" \/>\n<meta property=\"og:url\" content=\"https:\/\/www.poloaldi.it\/de\/artwork\/landschaft-mit-jaegern-und-wanderern\/\" \/>\n<meta property=\"og:site_name\" content=\"Polo Culturale Pietro Aldi\" \/>\n<meta property=\"article:publisher\" content=\"https:\/\/www.facebook.com\/polopietroaldi\" \/>\n<meta property=\"article:modified_time\" content=\"2023-04-18T18:03:43+00:00\" \/>\n<meta property=\"og:image\" content=\"https:\/\/www.poloaldi.it\/wp-content\/uploads\/2023\/04\/6-Vrancx-1024x776.jpg\" \/>\n\t<meta property=\"og:image:width\" content=\"1024\" \/>\n\t<meta property=\"og:image:height\" content=\"776\" \/>\n\t<meta property=\"og:image:type\" content=\"image\/jpeg\" \/>\n<meta name=\"twitter:card\" content=\"summary_large_image\" \/>\n<meta name=\"twitter:site\" content=\"@polopietroaldi\" \/>\n<meta name=\"twitter:label1\" content=\"Gesch\u00e4tzte Lesezeit\" \/>\n\t<meta name=\"twitter:data1\" content=\"1\u00a0Minute\" \/>\n<script type=\"application\/ld+json\" class=\"yoast-schema-graph\">{\"@context\":\"https:\/\/schema.org\",\"@graph\":[{\"@type\":\"WebPage\",\"@id\":\"https:\/\/www.poloaldi.it\/de\/artwork\/landschaft-mit-jaegern-und-wanderern\/\",\"url\":\"https:\/\/www.poloaldi.it\/de\/artwork\/landschaft-mit-jaegern-und-wanderern\/\",\"name\":\"Landschaft mit J\u00e4gern und Wanderern - Polo Culturale Pietro Aldi\",\"isPartOf\":{\"@id\":\"https:\/\/www.poloaldi.it\/de\/#website\"},\"datePublished\":\"2023-04-18T14:10:49+00:00\",\"dateModified\":\"2023-04-18T18:03:43+00:00\",\"breadcrumb\":{\"@id\":\"https:\/\/www.poloaldi.it\/de\/artwork\/landschaft-mit-jaegern-und-wanderern\/#breadcrumb\"},\"inLanguage\":\"de\",\"potentialAction\":[{\"@type\":\"ReadAction\",\"target\":[\"https:\/\/www.poloaldi.it\/de\/artwork\/landschaft-mit-jaegern-und-wanderern\/\"]}]},{\"@type\":\"BreadcrumbList\",\"@id\":\"https:\/\/www.poloaldi.it\/de\/artwork\/landschaft-mit-jaegern-und-wanderern\/#breadcrumb\",\"itemListElement\":[{\"@type\":\"ListItem\",\"position\":1,\"name\":\"Home\",\"item\":\"https:\/\/www.poloaldi.it\/de\/\"},{\"@type\":\"ListItem\",\"position\":2,\"name\":\"Artworks\",\"item\":\"https:\/\/www.poloaldi.it\/de\/artwork\/\"},{\"@type\":\"ListItem\",\"position\":3,\"name\":\"Landschaft mit J\u00e4gern und Wanderern\"}]},{\"@type\":\"WebSite\",\"@id\":\"https:\/\/www.poloaldi.it\/de\/#website\",\"url\":\"https:\/\/www.poloaldi.it\/de\/\",\"name\":\"Polo Culturale Pietro Aldi\",\"description\":\"Patrimonio storico, culturale, artistico del nostro territorio\",\"publisher\":{\"@id\":\"https:\/\/www.poloaldi.it\/de\/#organization\"},\"potentialAction\":[{\"@type\":\"SearchAction\",\"target\":{\"@type\":\"EntryPoint\",\"urlTemplate\":\"https:\/\/www.poloaldi.it\/de\/?s={search_term_string}\"},\"query-input\":\"required name=search_term_string\"}],\"inLanguage\":\"de\"},{\"@type\":\"Organization\",\"@id\":\"https:\/\/www.poloaldi.it\/de\/#organization\",\"name\":\"Polo Culturale Pietro Aldi\",\"url\":\"https:\/\/www.poloaldi.it\/de\/\",\"logo\":{\"@type\":\"ImageObject\",\"inLanguage\":\"de\",\"@id\":\"https:\/\/www.poloaldi.it\/de\/#\/schema\/logo\/image\/\",\"url\":\"http:\/\/www.poloaldi.it\/wp-content\/uploads\/2017\/04\/logo_pietro_aldi.png\",\"contentUrl\":\"http:\/\/www.poloaldi.it\/wp-content\/uploads\/2017\/04\/logo_pietro_aldi.png\",\"width\":942,\"height\":417,\"caption\":\"Polo Culturale Pietro Aldi\"},\"image\":{\"@id\":\"https:\/\/www.poloaldi.it\/de\/#\/schema\/logo\/image\/\"},\"sameAs\":[\"https:\/\/www.facebook.com\/polopietroaldi\",\"https:\/\/twitter.com\/polopietroaldi\",\"https:\/\/www.instagram.com\/polopietroaldi\/\"]}]}<\/script>\n<!-- \/ Yoast SEO plugin. -->","yoast_head_json":{"title":"Landschaft mit J\u00e4gern und Wanderern - Polo Culturale Pietro Aldi","robots":{"index":"index","follow":"follow","max-snippet":"max-snippet:-1","max-image-preview":"max-image-preview:large","max-video-preview":"max-video-preview:-1"},"canonical":"https:\/\/www.poloaldi.it\/de\/artwork\/landschaft-mit-jaegern-und-wanderern\/","og_locale":"de_DE","og_type":"article","og_title":"Landschaft mit J\u00e4gern und Wanderern - Polo Culturale Pietro Aldi","og_description":"Sebastiaen Vrancx (Antwerpen 1573 &#8211; 1647) Landschaft mit J\u00e4gern und Wanderern \u00d6l auf Holztafel, 52 x 76 cm Mit Monogramm signiert und unten links datiert: \u00a0SV (verschr\u00e4nkt) \/ A [1]621 Eine dramatischere Sensibilit\u00e4t, die dem Beispiel des Rubens folgt, verleiht der Szene, die mit den Vorlagen der K\u00fcnstler Jan Brueghel dem \u00c4lteren und des Bril verbunden ist, eine neue Vitalit\u00e4t der Landschaft. Als Maler von Szenen, die oft von Krieg und Waffen handeln, l\u00e4sst Vrancx hier den Rhythmus des Landlebens mit seinen verschiedenen Aktivit\u00e4ten vorherrschen.","og_url":"https:\/\/www.poloaldi.it\/de\/artwork\/landschaft-mit-jaegern-und-wanderern\/","og_site_name":"Polo Culturale Pietro Aldi","article_publisher":"https:\/\/www.facebook.com\/polopietroaldi","article_modified_time":"2023-04-18T18:03:43+00:00","og_image":[{"width":1024,"height":776,"url":"https:\/\/www.poloaldi.it\/wp-content\/uploads\/2023\/04\/6-Vrancx-1024x776.jpg","type":"image\/jpeg"}],"twitter_card":"summary_large_image","twitter_site":"@polopietroaldi","twitter_misc":{"Gesch\u00e4tzte Lesezeit":"1\u00a0Minute"},"schema":{"@context":"https:\/\/schema.org","@graph":[{"@type":"WebPage","@id":"https:\/\/www.poloaldi.it\/de\/artwork\/landschaft-mit-jaegern-und-wanderern\/","url":"https:\/\/www.poloaldi.it\/de\/artwork\/landschaft-mit-jaegern-und-wanderern\/","name":"Landschaft mit J\u00e4gern und Wanderern - Polo Culturale Pietro Aldi","isPartOf":{"@id":"https:\/\/www.poloaldi.it\/de\/#website"},"datePublished":"2023-04-18T14:10:49+00:00","dateModified":"2023-04-18T18:03:43+00:00","breadcrumb":{"@id":"https:\/\/www.poloaldi.it\/de\/artwork\/landschaft-mit-jaegern-und-wanderern\/#breadcrumb"},"inLanguage":"de","potentialAction":[{"@type":"ReadAction","target":["https:\/\/www.poloaldi.it\/de\/artwork\/landschaft-mit-jaegern-und-wanderern\/"]}]},{"@type":"BreadcrumbList","@id":"https:\/\/www.poloaldi.it\/de\/artwork\/landschaft-mit-jaegern-und-wanderern\/#breadcrumb","itemListElement":[{"@type":"ListItem","position":1,"name":"Home","item":"https:\/\/www.poloaldi.it\/de\/"},{"@type":"ListItem","position":2,"name":"Artworks","item":"https:\/\/www.poloaldi.it\/de\/artwork\/"},{"@type":"ListItem","position":3,"name":"Landschaft mit J\u00e4gern und Wanderern"}]},{"@type":"WebSite","@id":"https:\/\/www.poloaldi.it\/de\/#website","url":"https:\/\/www.poloaldi.it\/de\/","name":"Polo Culturale Pietro Aldi","description":"Patrimonio storico, culturale, artistico del nostro territorio","publisher":{"@id":"https:\/\/www.poloaldi.it\/de\/#organization"},"potentialAction":[{"@type":"SearchAction","target":{"@type":"EntryPoint","urlTemplate":"https:\/\/www.poloaldi.it\/de\/?s={search_term_string}"},"query-input":"required name=search_term_string"}],"inLanguage":"de"},{"@type":"Organization","@id":"https:\/\/www.poloaldi.it\/de\/#organization","name":"Polo Culturale Pietro Aldi","url":"https:\/\/www.poloaldi.it\/de\/","logo":{"@type":"ImageObject","inLanguage":"de","@id":"https:\/\/www.poloaldi.it\/de\/#\/schema\/logo\/image\/","url":"http:\/\/www.poloaldi.it\/wp-content\/uploads\/2017\/04\/logo_pietro_aldi.png","contentUrl":"http:\/\/www.poloaldi.it\/wp-content\/uploads\/2017\/04\/logo_pietro_aldi.png","width":942,"height":417,"caption":"Polo Culturale Pietro Aldi"},"image":{"@id":"https:\/\/www.poloaldi.it\/de\/#\/schema\/logo\/image\/"},"sameAs":["https:\/\/www.facebook.com\/polopietroaldi","https:\/\/twitter.com\/polopietroaldi","https:\/\/www.instagram.com\/polopietroaldi\/"]}]}},"featured_image":{"size_thumbnail":"https:\/\/www.poloaldi.it\/wp-content\/uploads\/2023\/04\/6-Vrancx-150x150.jpg","size_medium":"https:\/\/www.poloaldi.it\/wp-content\/uploads\/2023\/04\/6-Vrancx-300x227.jpg","size_large":"https:\/\/www.poloaldi.it\/wp-content\/uploads\/2023\/04\/6-Vrancx-1024x776.jpg","size_full":"https:\/\/www.poloaldi.it\/wp-content\/uploads\/2023\/04\/6-Vrancx.jpg"},"imic_artwork_images":null,"imic_artwork_dimension":["52 x 76"],"imic_artwork_price":null,"_edit_lock":"1681841025:1","_links":{"self":[{"href":"https:\/\/www.poloaldi.it\/de\/wp-json\/wp\/v2\/artwork\/6716","targetHints":{"allow":["GET"]}}],"collection":[{"href":"https:\/\/www.poloaldi.it\/de\/wp-json\/wp\/v2\/artwork"}],"about":[{"href":"https:\/\/www.poloaldi.it\/de\/wp-json\/wp\/v2\/types\/artwork"}],"author":[{"embeddable":true,"href":"https:\/\/www.poloaldi.it\/de\/wp-json\/wp\/v2\/users\/1"}],"replies":[{"embeddable":true,"href":"https:\/\/www.poloaldi.it\/de\/wp-json\/wp\/v2\/comments?post=6716"}],"wp:featuredmedia":[{"embeddable":true,"href":"https:\/\/www.poloaldi.it\/de\/wp-json\/wp\/v2\/media\/6728"}],"wp:attachment":[{"href":"https:\/\/www.poloaldi.it\/de\/wp-json\/wp\/v2\/media?parent=6716"}],"wp:term":[{"taxonomy":"artwork-category","embeddable":true,"href":"https:\/\/www.poloaldi.it\/de\/wp-json\/wp\/v2\/artwork-category?post=6716"},{"taxonomy":"artwork-tags","embeddable":true,"href":"https:\/\/www.poloaldi.it\/de\/wp-json\/wp\/v2\/artwork-tags?post=6716"},{"taxonomy":"artwork-artists","embeddable":true,"href":"https:\/\/www.poloaldi.it\/de\/wp-json\/wp\/v2\/artwork-artists?post=6716"}],"curies":[{"name":"wp","href":"https:\/\/api.w.org\/{rel}","templated":true}]}}