{"version":"1.0","provider_name":"Polo Culturale Pietro Aldi","provider_url":"https:\/\/www.poloaldi.it\/de\/","author_name":"Polo Aldi","author_url":"https:\/\/www.poloaldi.it\/de\/author\/poloaldi\/","title":"Landschaft mit J\u00e4gern und Wanderern - Polo Culturale Pietro Aldi","type":"rich","width":600,"height":338,"html":"<blockquote class=\"wp-embedded-content\" data-secret=\"SCXtOYdkDe\"><a href=\"https:\/\/www.poloaldi.it\/de\/artwork\/landschaft-mit-jaegern-und-wanderern\/\">Landschaft mit J\u00e4gern und Wanderern<\/a><\/blockquote><iframe sandbox=\"allow-scripts\" security=\"restricted\" src=\"https:\/\/www.poloaldi.it\/de\/artwork\/landschaft-mit-jaegern-und-wanderern\/embed\/#?secret=SCXtOYdkDe\" width=\"600\" height=\"338\" title=\"&#8222;Landschaft mit J\u00e4gern und Wanderern&#8220; &#8211; Polo Culturale Pietro Aldi\" data-secret=\"SCXtOYdkDe\" frameborder=\"0\" marginwidth=\"0\" marginheight=\"0\" scrolling=\"no\" class=\"wp-embedded-content\"><\/iframe><script type=\"text\/javascript\">\n\/* <![CDATA[ *\/\n\/*! This file is auto-generated *\/\n!function(d,l){\"use strict\";l.querySelector&&d.addEventListener&&\"undefined\"!=typeof URL&&(d.wp=d.wp||{},d.wp.receiveEmbedMessage||(d.wp.receiveEmbedMessage=function(e){var t=e.data;if((t||t.secret||t.message||t.value)&&!\/[^a-zA-Z0-9]\/.test(t.secret)){for(var s,r,n,a=l.querySelectorAll('iframe[data-secret=\"'+t.secret+'\"]'),o=l.querySelectorAll('blockquote[data-secret=\"'+t.secret+'\"]'),c=new RegExp(\"^https?:$\",\"i\"),i=0;i<o.length;i++)o[i].style.display=\"none\";for(i=0;i<a.length;i++)s=a[i],e.source===s.contentWindow&&(s.removeAttribute(\"style\"),\"height\"===t.message?(1e3<(r=parseInt(t.value,10))?r=1e3:~~r<200&&(r=200),s.height=r):\"link\"===t.message&&(r=new URL(s.getAttribute(\"src\")),n=new URL(t.value),c.test(n.protocol))&&n.host===r.host&&l.activeElement===s&&(d.top.location.href=t.value))}},d.addEventListener(\"message\",d.wp.receiveEmbedMessage,!1),l.addEventListener(\"DOMContentLoaded\",function(){for(var e,t,s=l.querySelectorAll(\"iframe.wp-embedded-content\"),r=0;r<s.length;r++)(t=(e=s[r]).getAttribute(\"data-secret\"))||(t=Math.random().toString(36).substring(2,12),e.src+=\"#?secret=\"+t,e.setAttribute(\"data-secret\",t)),e.contentWindow.postMessage({message:\"ready\",secret:t},\"*\")},!1)))}(window,document);\n\/* ]]> *\/\n<\/script>\n","thumbnail_url":"https:\/\/www.poloaldi.it\/wp-content\/uploads\/2023\/04\/6-Vrancx-1024x776.jpg","thumbnail_width":1024,"thumbnail_height":776,"description":"Sebastiaen Vrancx (Antwerpen 1573 &#8211; 1647) Landschaft mit J\u00e4gern und Wanderern \u00d6l auf Holztafel, 52 x 76 cm Mit Monogramm signiert und unten links datiert: \u00a0SV (verschr\u00e4nkt) \/ A [1]621 Eine dramatischere Sensibilit\u00e4t, die dem Beispiel des Rubens folgt, verleiht der Szene, die mit den Vorlagen der K\u00fcnstler Jan Brueghel dem \u00c4lteren und des Bril verbunden ist, eine neue Vitalit\u00e4t der Landschaft. Als Maler von Szenen, die oft von Krieg und Waffen handeln, l\u00e4sst Vrancx hier den Rhythmus des Landlebens mit seinen verschiedenen Aktivit\u00e4ten vorherrschen."}