{"id":4283,"date":"2021-06-04T09:31:50","date_gmt":"2021-06-04T07:31:50","guid":{"rendered":"http:\/\/www.poloaldi.it\/index.php\/artwork\/collina-con-olivi\/"},"modified":"2022-03-17T15:23:48","modified_gmt":"2022-03-17T14:23:48","slug":"collina-con-olivi","status":"publish","type":"artwork","link":"http:\/\/www.poloaldi.it\/de\/artwork\/collina-con-olivi\/","title":{"rendered":"H\u00fcgel mit Olivenb\u00e4umen"},"content":{"rendered":"<p>Die Pinself\u00fchrung des Aldi nimmt in dieser kleinen Skizze nahezu impressionistische Z\u00fcge an: nur so konnte der Maler die Emotionen beim Anblick der im Fr\u00fchling aufwachenden Felder festhalten. Ein sp\u00e4tes Werk des K\u00fcnstlers, das, aufgrund der \u00e4hnlichen Maltechnik mit sporadischen und luftigen Tupfern, mit <i>Nero betrachtet den Brand Roms<\/i> verglichen werden kann.<\/p>\n","protected":false},"author":1,"featured_media":4058,"comment_status":"closed","ping_status":"closed","template":"","artwork-category":[{"id":299,"slug":"la-verde-maremma-de","name":"La Verde Maremma"}],"artwork-tags":[],"artwork-artists":[{"id":329,"slug":"pietro-aldi-de","name":"Pietro Aldi"}],"class_list":["post-4283","artwork","type-artwork","status-publish","has-post-thumbnail","hentry","artwork-category-la-verde-maremma-de","artwork-artists-pietro-aldi-de"],"yoast_head":"<!-- This site is optimized with the Yoast SEO plugin v20.10 - https:\/\/yoast.com\/wordpress\/plugins\/seo\/ -->\n<title>H\u00fcgel mit Olivenb\u00e4umen - Polo Culturale Pietro Aldi<\/title>\n<meta name=\"robots\" content=\"index, follow, max-snippet:-1, max-image-preview:large, max-video-preview:-1\" \/>\n<link rel=\"canonical\" href=\"http:\/\/www.poloaldi.it\/de\/artwork\/collina-con-olivi\/\" \/>\n<meta property=\"og:locale\" content=\"de_DE\" \/>\n<meta property=\"og:type\" content=\"article\" \/>\n<meta property=\"og:title\" content=\"H\u00fcgel mit Olivenb\u00e4umen - Polo Culturale Pietro Aldi\" \/>\n<meta property=\"og:description\" content=\"Die Pinself\u00fchrung des Aldi nimmt in dieser kleinen Skizze nahezu impressionistische Z\u00fcge an: nur so konnte der Maler die Emotionen beim Anblick der im Fr\u00fchling aufwachenden Felder festhalten. Ein sp\u00e4tes Werk des K\u00fcnstlers, das, aufgrund der \u00e4hnlichen Maltechnik mit sporadischen und luftigen Tupfern, mit Nero betrachtet den Brand Roms verglichen werden kann.\" \/>\n<meta property=\"og:url\" content=\"http:\/\/www.poloaldi.it\/de\/artwork\/collina-con-olivi\/\" \/>\n<meta property=\"og:site_name\" content=\"Polo Culturale Pietro Aldi\" \/>\n<meta property=\"article:publisher\" content=\"https:\/\/www.facebook.com\/polopietroaldi\" \/>\n<meta property=\"article:modified_time\" content=\"2022-03-17T14:23:48+00:00\" \/>\n<meta property=\"og:image\" content=\"http:\/\/www.poloaldi.it\/wp-content\/uploads\/2021\/06\/7_collina_con_ulivi_pietro_aldi.png\" \/>\n\t<meta property=\"og:image:width\" content=\"414\" \/>\n\t<meta property=\"og:image:height\" content=\"806\" \/>\n\t<meta property=\"og:image:type\" content=\"image\/png\" \/>\n<meta name=\"twitter:card\" content=\"summary_large_image\" \/>\n<meta name=\"twitter:site\" content=\"@polopietroaldi\" \/>\n<meta name=\"twitter:label1\" content=\"Gesch\u00e4tzte Lesezeit\" \/>\n\t<meta name=\"twitter:data1\" content=\"1\u00a0Minute\" \/>\n<script type=\"application\/ld+json\" class=\"yoast-schema-graph\">{\"@context\":\"https:\/\/schema.org\",\"@graph\":[{\"@type\":\"WebPage\",\"@id\":\"http:\/\/www.poloaldi.it\/de\/artwork\/collina-con-olivi\/\",\"url\":\"http:\/\/www.poloaldi.it\/de\/artwork\/collina-con-olivi\/\",\"name\":\"H\u00fcgel mit Olivenb\u00e4umen - Polo Culturale Pietro Aldi\",\"isPartOf\":{\"@id\":\"https:\/\/www.poloaldi.it\/de\/#website\"},\"datePublished\":\"2021-06-04T07:31:50+00:00\",\"dateModified\":\"2022-03-17T14:23:48+00:00\",\"breadcrumb\":{\"@id\":\"http:\/\/www.poloaldi.it\/de\/artwork\/collina-con-olivi\/#breadcrumb\"},\"inLanguage\":\"de\",\"potentialAction\":[{\"@type\":\"ReadAction\",\"target\":[\"http:\/\/www.poloaldi.it\/de\/artwork\/collina-con-olivi\/\"]}]},{\"@type\":\"BreadcrumbList\",\"@id\":\"http:\/\/www.poloaldi.it\/de\/artwork\/collina-con-olivi\/#breadcrumb\",\"itemListElement\":[{\"@type\":\"ListItem\",\"position\":1,\"name\":\"Home\",\"item\":\"https:\/\/www.poloaldi.it\/de\/\"},{\"@type\":\"ListItem\",\"position\":2,\"name\":\"Artworks\",\"item\":\"http:\/\/www.poloaldi.it\/de\/artwork\/\"},{\"@type\":\"ListItem\",\"position\":3,\"name\":\"H\u00fcgel mit Olivenb\u00e4umen\"}]},{\"@type\":\"WebSite\",\"@id\":\"https:\/\/www.poloaldi.it\/de\/#website\",\"url\":\"https:\/\/www.poloaldi.it\/de\/\",\"name\":\"Polo Culturale Pietro Aldi\",\"description\":\"Patrimonio storico, culturale, artistico del nostro territorio\",\"publisher\":{\"@id\":\"https:\/\/www.poloaldi.it\/de\/#organization\"},\"potentialAction\":[{\"@type\":\"SearchAction\",\"target\":{\"@type\":\"EntryPoint\",\"urlTemplate\":\"https:\/\/www.poloaldi.it\/de\/?s={search_term_string}\"},\"query-input\":\"required name=search_term_string\"}],\"inLanguage\":\"de\"},{\"@type\":\"Organization\",\"@id\":\"https:\/\/www.poloaldi.it\/de\/#organization\",\"name\":\"Polo Culturale Pietro Aldi\",\"url\":\"https:\/\/www.poloaldi.it\/de\/\",\"logo\":{\"@type\":\"ImageObject\",\"inLanguage\":\"de\",\"@id\":\"https:\/\/www.poloaldi.it\/de\/#\/schema\/logo\/image\/\",\"url\":\"http:\/\/www.poloaldi.it\/wp-content\/uploads\/2017\/04\/logo_pietro_aldi.png\",\"contentUrl\":\"http:\/\/www.poloaldi.it\/wp-content\/uploads\/2017\/04\/logo_pietro_aldi.png\",\"width\":942,\"height\":417,\"caption\":\"Polo Culturale Pietro Aldi\"},\"image\":{\"@id\":\"https:\/\/www.poloaldi.it\/de\/#\/schema\/logo\/image\/\"},\"sameAs\":[\"https:\/\/www.facebook.com\/polopietroaldi\",\"https:\/\/twitter.com\/polopietroaldi\",\"https:\/\/www.instagram.com\/polopietroaldi\/\"]}]}<\/script>\n<!-- \/ Yoast SEO plugin. -->","yoast_head_json":{"title":"H\u00fcgel mit Olivenb\u00e4umen - Polo Culturale Pietro Aldi","robots":{"index":"index","follow":"follow","max-snippet":"max-snippet:-1","max-image-preview":"max-image-preview:large","max-video-preview":"max-video-preview:-1"},"canonical":"http:\/\/www.poloaldi.it\/de\/artwork\/collina-con-olivi\/","og_locale":"de_DE","og_type":"article","og_title":"H\u00fcgel mit Olivenb\u00e4umen - Polo Culturale Pietro Aldi","og_description":"Die Pinself\u00fchrung des Aldi nimmt in dieser kleinen Skizze nahezu impressionistische Z\u00fcge an: nur so konnte der Maler die Emotionen beim Anblick der im Fr\u00fchling aufwachenden Felder festhalten. Ein sp\u00e4tes Werk des K\u00fcnstlers, das, aufgrund der \u00e4hnlichen Maltechnik mit sporadischen und luftigen Tupfern, mit Nero betrachtet den Brand Roms verglichen werden kann.","og_url":"http:\/\/www.poloaldi.it\/de\/artwork\/collina-con-olivi\/","og_site_name":"Polo Culturale Pietro Aldi","article_publisher":"https:\/\/www.facebook.com\/polopietroaldi","article_modified_time":"2022-03-17T14:23:48+00:00","og_image":[{"width":414,"height":806,"url":"http:\/\/www.poloaldi.it\/wp-content\/uploads\/2021\/06\/7_collina_con_ulivi_pietro_aldi.png","type":"image\/png"}],"twitter_card":"summary_large_image","twitter_site":"@polopietroaldi","twitter_misc":{"Gesch\u00e4tzte Lesezeit":"1\u00a0Minute"},"schema":{"@context":"https:\/\/schema.org","@graph":[{"@type":"WebPage","@id":"http:\/\/www.poloaldi.it\/de\/artwork\/collina-con-olivi\/","url":"http:\/\/www.poloaldi.it\/de\/artwork\/collina-con-olivi\/","name":"H\u00fcgel mit Olivenb\u00e4umen - Polo Culturale Pietro Aldi","isPartOf":{"@id":"https:\/\/www.poloaldi.it\/de\/#website"},"datePublished":"2021-06-04T07:31:50+00:00","dateModified":"2022-03-17T14:23:48+00:00","breadcrumb":{"@id":"http:\/\/www.poloaldi.it\/de\/artwork\/collina-con-olivi\/#breadcrumb"},"inLanguage":"de","potentialAction":[{"@type":"ReadAction","target":["http:\/\/www.poloaldi.it\/de\/artwork\/collina-con-olivi\/"]}]},{"@type":"BreadcrumbList","@id":"http:\/\/www.poloaldi.it\/de\/artwork\/collina-con-olivi\/#breadcrumb","itemListElement":[{"@type":"ListItem","position":1,"name":"Home","item":"https:\/\/www.poloaldi.it\/de\/"},{"@type":"ListItem","position":2,"name":"Artworks","item":"http:\/\/www.poloaldi.it\/de\/artwork\/"},{"@type":"ListItem","position":3,"name":"H\u00fcgel mit Olivenb\u00e4umen"}]},{"@type":"WebSite","@id":"https:\/\/www.poloaldi.it\/de\/#website","url":"https:\/\/www.poloaldi.it\/de\/","name":"Polo Culturale Pietro Aldi","description":"Patrimonio storico, culturale, artistico del nostro territorio","publisher":{"@id":"https:\/\/www.poloaldi.it\/de\/#organization"},"potentialAction":[{"@type":"SearchAction","target":{"@type":"EntryPoint","urlTemplate":"https:\/\/www.poloaldi.it\/de\/?s={search_term_string}"},"query-input":"required name=search_term_string"}],"inLanguage":"de"},{"@type":"Organization","@id":"https:\/\/www.poloaldi.it\/de\/#organization","name":"Polo Culturale Pietro Aldi","url":"https:\/\/www.poloaldi.it\/de\/","logo":{"@type":"ImageObject","inLanguage":"de","@id":"https:\/\/www.poloaldi.it\/de\/#\/schema\/logo\/image\/","url":"http:\/\/www.poloaldi.it\/wp-content\/uploads\/2017\/04\/logo_pietro_aldi.png","contentUrl":"http:\/\/www.poloaldi.it\/wp-content\/uploads\/2017\/04\/logo_pietro_aldi.png","width":942,"height":417,"caption":"Polo Culturale Pietro Aldi"},"image":{"@id":"https:\/\/www.poloaldi.it\/de\/#\/schema\/logo\/image\/"},"sameAs":["https:\/\/www.facebook.com\/polopietroaldi","https:\/\/twitter.com\/polopietroaldi","https:\/\/www.instagram.com\/polopietroaldi\/"]}]}},"featured_image":{"size_thumbnail":"http:\/\/www.poloaldi.it\/wp-content\/uploads\/2021\/06\/7_collina_con_ulivi_pietro_aldi-150x150.png","size_medium":"http:\/\/www.poloaldi.it\/wp-content\/uploads\/2021\/06\/7_collina_con_ulivi_pietro_aldi-154x300.png","size_large":"http:\/\/www.poloaldi.it\/wp-content\/uploads\/2021\/06\/7_collina_con_ulivi_pietro_aldi.png","size_full":"http:\/\/www.poloaldi.it\/wp-content\/uploads\/2021\/06\/7_collina_con_ulivi_pietro_aldi.png"},"imic_artwork_images":["4056"],"imic_artwork_dimension":["22x12,5"],"imic_artwork_price":null,"_edit_lock":"1647527119:1","_links":{"self":[{"href":"http:\/\/www.poloaldi.it\/de\/wp-json\/wp\/v2\/artwork\/4283","targetHints":{"allow":["GET"]}}],"collection":[{"href":"http:\/\/www.poloaldi.it\/de\/wp-json\/wp\/v2\/artwork"}],"about":[{"href":"http:\/\/www.poloaldi.it\/de\/wp-json\/wp\/v2\/types\/artwork"}],"author":[{"embeddable":true,"href":"http:\/\/www.poloaldi.it\/de\/wp-json\/wp\/v2\/users\/1"}],"replies":[{"embeddable":true,"href":"http:\/\/www.poloaldi.it\/de\/wp-json\/wp\/v2\/comments?post=4283"}],"wp:featuredmedia":[{"embeddable":true,"href":"http:\/\/www.poloaldi.it\/de\/wp-json\/wp\/v2\/media\/4058"}],"wp:attachment":[{"href":"http:\/\/www.poloaldi.it\/de\/wp-json\/wp\/v2\/media?parent=4283"}],"wp:term":[{"taxonomy":"artwork-category","embeddable":true,"href":"http:\/\/www.poloaldi.it\/de\/wp-json\/wp\/v2\/artwork-category?post=4283"},{"taxonomy":"artwork-tags","embeddable":true,"href":"http:\/\/www.poloaldi.it\/de\/wp-json\/wp\/v2\/artwork-tags?post=4283"},{"taxonomy":"artwork-artists","embeddable":true,"href":"http:\/\/www.poloaldi.it\/de\/wp-json\/wp\/v2\/artwork-artists?post=4283"}],"curies":[{"name":"wp","href":"https:\/\/api.w.org\/{rel}","templated":true}]}}