{"version":"1.0","provider_name":"Polo Culturale Pietro Aldi","provider_url":"http:\/\/www.poloaldi.it\/de\/","author_name":"Polo Aldi","author_url":"http:\/\/www.poloaldi.it\/de\/author\/poloaldi\/","title":"H\u00fcgel mit Olivenb\u00e4umen - Polo Culturale Pietro Aldi","type":"rich","width":600,"height":338,"html":"<blockquote class=\"wp-embedded-content\" data-secret=\"rUHOUx36Oj\"><a href=\"http:\/\/www.poloaldi.it\/de\/artwork\/collina-con-olivi\/\">H\u00fcgel mit Olivenb\u00e4umen<\/a><\/blockquote><iframe sandbox=\"allow-scripts\" security=\"restricted\" src=\"http:\/\/www.poloaldi.it\/de\/artwork\/collina-con-olivi\/embed\/#?secret=rUHOUx36Oj\" width=\"600\" height=\"338\" title=\"&#8222;H\u00fcgel mit Olivenb\u00e4umen&#8220; &#8211; Polo Culturale Pietro Aldi\" data-secret=\"rUHOUx36Oj\" frameborder=\"0\" marginwidth=\"0\" marginheight=\"0\" scrolling=\"no\" class=\"wp-embedded-content\"><\/iframe><script type=\"text\/javascript\">\n\/* <![CDATA[ *\/\n\/*! This file is auto-generated *\/\n!function(d,l){\"use strict\";l.querySelector&&d.addEventListener&&\"undefined\"!=typeof URL&&(d.wp=d.wp||{},d.wp.receiveEmbedMessage||(d.wp.receiveEmbedMessage=function(e){var t=e.data;if((t||t.secret||t.message||t.value)&&!\/[^a-zA-Z0-9]\/.test(t.secret)){for(var s,r,n,a=l.querySelectorAll('iframe[data-secret=\"'+t.secret+'\"]'),o=l.querySelectorAll('blockquote[data-secret=\"'+t.secret+'\"]'),c=new RegExp(\"^https?:$\",\"i\"),i=0;i<o.length;i++)o[i].style.display=\"none\";for(i=0;i<a.length;i++)s=a[i],e.source===s.contentWindow&&(s.removeAttribute(\"style\"),\"height\"===t.message?(1e3<(r=parseInt(t.value,10))?r=1e3:~~r<200&&(r=200),s.height=r):\"link\"===t.message&&(r=new URL(s.getAttribute(\"src\")),n=new URL(t.value),c.test(n.protocol))&&n.host===r.host&&l.activeElement===s&&(d.top.location.href=t.value))}},d.addEventListener(\"message\",d.wp.receiveEmbedMessage,!1),l.addEventListener(\"DOMContentLoaded\",function(){for(var e,t,s=l.querySelectorAll(\"iframe.wp-embedded-content\"),r=0;r<s.length;r++)(t=(e=s[r]).getAttribute(\"data-secret\"))||(t=Math.random().toString(36).substring(2,12),e.src+=\"#?secret=\"+t,e.setAttribute(\"data-secret\",t)),e.contentWindow.postMessage({message:\"ready\",secret:t},\"*\")},!1)))}(window,document);\n\/* ]]> *\/\n<\/script>\n","thumbnail_url":"https:\/\/www.poloaldi.it\/wp-content\/uploads\/2021\/06\/7_collina_con_ulivi_pietro_aldi.png","thumbnail_width":414,"thumbnail_height":806,"description":"Die Pinself\u00fchrung des Aldi nimmt in dieser kleinen Skizze nahezu impressionistische Z\u00fcge an: nur so konnte der Maler die Emotionen beim Anblick der im Fr\u00fchling aufwachenden Felder festhalten. Ein sp\u00e4tes Werk des K\u00fcnstlers, das, aufgrund der \u00e4hnlichen Maltechnik mit sporadischen und luftigen Tupfern, mit Nero betrachtet den Brand Roms verglichen werden kann."}